{"id":654,"date":"2022-07-18T08:58:27","date_gmt":"2022-07-18T08:58:27","guid":{"rendered":"https:\/\/www.pilargornes.com\/?page_id=654"},"modified":"2023-06-15T17:00:12","modified_gmt":"2023-06-15T17:00:12","slug":"654-2","status":"publish","type":"page","link":"https:\/\/www.pilargornes.com\/es\/","title":{"rendered":""},"content":{"rendered":"<div class=\"wp-container-2 wp-block-columns\">\n<div class=\"wp-container-1 wp-block-column\">\n<figure class=\"wp-block-image alignfull size-full\"><img loading=\"lazy\" width=\"1582\" height=\"1200\" src=\"https:\/\/www.pilargornes.com\/wp-content\/uploads\/2023\/03\/portada_2.jpg\" alt=\"\" class=\"wp-image-1108\" srcset=\"https:\/\/www.pilargornes.com\/wp-content\/uploads\/2023\/03\/portada_2.jpg 1582w, https:\/\/www.pilargornes.com\/wp-content\/uploads\/2023\/03\/portada_2-300x228.jpg 300w, https:\/\/www.pilargornes.com\/wp-content\/uploads\/2023\/03\/portada_2-1024x777.jpg 1024w, https:\/\/www.pilargornes.com\/wp-content\/uploads\/2023\/03\/portada_2-768x583.jpg 768w, https:\/\/www.pilargornes.com\/wp-content\/uploads\/2023\/03\/portada_2-1536x1165.jpg 1536w, https:\/\/www.pilargornes.com\/wp-content\/uploads\/2023\/03\/portada_2-540x410.jpg 540w, https:\/\/www.pilargornes.com\/wp-content\/uploads\/2023\/03\/portada_2-1080x819.jpg 1080w\" sizes=\"(max-width: 1582px) 100vw, 1582px\" \/><\/figure>\n<\/div>\n<\/div>\n\n\n\n<hr class=\"wp-block-separator alignfull has-alpha-channel-opacity is-style-wide\" id=\"projectes\"\/>\n\n\n\n<h2 class=\"alignwide has-primary-color has-text-color\">proyectos<\/h2>\n\n\n\n<div class=\"wp-container-9 wp-block-columns alignfull\">\n<div class=\"wp-container-5 wp-block-column\">\n<div class=\"wp-block-cover is-light\" style=\"min-height:600px\"><span aria-hidden=\"true\" class=\"wp-block-cover__background has-secondary-background-color has-background-dim-60 has-background-dim\"><\/span><img loading=\"lazy\" width=\"1200\" height=\"1800\" class=\"wp-block-cover__image-background wp-image-1123\" alt=\"\" src=\"https:\/\/www.pilargornes.com\/wp-content\/uploads\/2023\/03\/02.jpg\" style=\"object-position:52% 71%\" data-object-fit=\"cover\" data-object-position=\"52% 71%\" srcset=\"https:\/\/www.pilargornes.com\/wp-content\/uploads\/2023\/03\/02.jpg 1200w, https:\/\/www.pilargornes.com\/wp-content\/uploads\/2023\/03\/02-200x300.jpg 200w, https:\/\/www.pilargornes.com\/wp-content\/uploads\/2023\/03\/02-683x1024.jpg 683w, https:\/\/www.pilargornes.com\/wp-content\/uploads\/2023\/03\/02-768x1152.jpg 768w, https:\/\/www.pilargornes.com\/wp-content\/uploads\/2023\/03\/02-1024x1536.jpg 1024w, https:\/\/www.pilargornes.com\/wp-content\/uploads\/2023\/03\/02-540x810.jpg 540w, https:\/\/www.pilargornes.com\/wp-content\/uploads\/2023\/03\/02-1080x1620.jpg 1080w\" sizes=\"(max-width: 1200px) 100vw, 1200px\" \/><div class=\"wp-block-cover__inner-container\">\n<div class=\"wp-container-4 is-vertical wp-block-group\">\n<p class=\"has-text-align-left has-primary-color has-text-color has-large-font-size\"><strong>edificio de viviendas<\/strong><\/p>\n\n\n\n<p class=\"has-primary-color has-text-color has-normal-font-size\">2022-2023 &#8211; <em>finalizado<\/em><\/p>\n\n\n\n<div class=\"wp-container-3 wp-block-buttons\">\n<div class=\"wp-block-button is-style-outline\"><a class=\"wp-block-button__link has-primary-color has-text-color\" href=\"https:\/\/www.pilargornes.com\/es\/projecte-arquitectura-ciutadella\/\" style=\"border-radius:100px\">Ver m\u00e1s<\/a><\/div>\n<\/div>\n<\/div>\n<\/div><\/div>\n<\/div>\n\n\n\n<div class=\"wp-container-8 wp-block-column is-vertically-aligned-center\">\n<div class=\"wp-block-cover is-light\" style=\"min-height:600px\"><span aria-hidden=\"true\" class=\"wp-block-cover__background has-secondary-background-color has-background-dim-70 has-background-dim\"><\/span><img loading=\"lazy\" width=\"1200\" height=\"1800\" class=\"wp-block-cover__image-background wp-image-1166\" alt=\"\" src=\"https:\/\/www.pilargornes.com\/wp-content\/uploads\/2023\/06\/22-facana.jpg\" style=\"object-position:83% 92%\" data-object-fit=\"cover\" data-object-position=\"83% 92%\" srcset=\"https:\/\/www.pilargornes.com\/wp-content\/uploads\/2023\/06\/22-facana.jpg 1200w, https:\/\/www.pilargornes.com\/wp-content\/uploads\/2023\/06\/22-facana-200x300.jpg 200w, https:\/\/www.pilargornes.com\/wp-content\/uploads\/2023\/06\/22-facana-683x1024.jpg 683w, https:\/\/www.pilargornes.com\/wp-content\/uploads\/2023\/06\/22-facana-768x1152.jpg 768w, https:\/\/www.pilargornes.com\/wp-content\/uploads\/2023\/06\/22-facana-1024x1536.jpg 1024w, https:\/\/www.pilargornes.com\/wp-content\/uploads\/2023\/06\/22-facana-540x810.jpg 540w, https:\/\/www.pilargornes.com\/wp-content\/uploads\/2023\/06\/22-facana-1080x1620.jpg 1080w\" sizes=\"(max-width: 1200px) 100vw, 1200px\" \/><div class=\"wp-block-cover__inner-container\">\n<div class=\"wp-container-7 is-vertical wp-block-group has-primary-color has-text-color\">\n<p class=\"has-text-align-left has-primary-color has-text-color has-large-font-size\"><strong>vivienda unifamiliar adosada<\/strong><\/p>\n\n\n\n<p class=\"has-primary-color has-text-color has-normal-font-size\">2022-2023 &#8211; <em>finalizado<\/em><\/p>\n\n\n\n<div class=\"wp-container-6 wp-block-buttons\">\n<div class=\"wp-block-button is-style-outline\"><a class=\"wp-block-button__link has-primary-color has-text-color\" href=\"https:\/\/www.pilargornes.com\/es\/projecte-casa-unifamiliar-ciutadella\/\" style=\"border-radius:100px\">Ver m\u00e1s<\/a><\/div>\n<\/div>\n<\/div>\n<\/div><\/div>\n<\/div>\n<\/div>\n\n\n\n<div class=\"wp-container-14 wp-block-columns alignfull\">\n<div class=\"wp-container-12 wp-block-column is-vertically-aligned-center\">\n<div class=\"wp-block-cover is-light\" style=\"min-height:600px\"><span aria-hidden=\"true\" class=\"wp-block-cover__background has-secondary-background-color has-background-dim-70 has-background-dim\"><\/span><img loading=\"lazy\" width=\"1920\" height=\"2560\" class=\"wp-block-cover__image-background wp-image-833\" alt=\"\" src=\"http:\/\/www.pilargornes.com\/wp-content\/uploads\/2022\/07\/02v-scaled.jpg\" style=\"object-position:71% 80%\" data-object-fit=\"cover\" data-object-position=\"71% 80%\" srcset=\"https:\/\/www.pilargornes.com\/wp-content\/uploads\/2022\/07\/02v-scaled.jpg 1920w, https:\/\/www.pilargornes.com\/wp-content\/uploads\/2022\/07\/02v-225x300.jpg 225w, https:\/\/www.pilargornes.com\/wp-content\/uploads\/2022\/07\/02v-768x1024.jpg 768w\" sizes=\"(max-width: 1920px) 100vw, 1920px\" \/><div class=\"wp-block-cover__inner-container\">\n<div class=\"wp-container-11 is-vertical wp-block-group has-primary-color has-text-color\">\n<p class=\"has-text-align-left has-primary-color has-text-color has-large-font-size\"><strong>vivienda unifamiliar aislada<\/strong><\/p>\n\n\n\n<p class=\"has-primary-color has-text-color has-normal-font-size\">2022 &#8211; en construcci\u00f3<\/p>\n\n\n\n<div class=\"wp-container-10 wp-block-buttons\">\n<div class=\"wp-block-button is-style-outline\"><a class=\"wp-block-button__link has-primary-color has-text-color\" href=\"https:\/\/www.pilargornes.com\/es\/projecte-habitatge-calan-blanes\/\" style=\"border-radius:100px\">Ver m\u00e1s<\/a><\/div>\n<\/div>\n<\/div>\n<\/div><\/div>\n<\/div>\n\n\n\n<div class=\"wp-container-13 wp-block-column\"><\/div>\n<\/div>\n\n\n\n<hr class=\"wp-block-separator alignfull has-alpha-channel-opacity\" id=\"contacte\"\/>\n\n\n\n<div class=\"wp-container-19 wp-block-columns alignwide\">\n<div class=\"wp-container-15 wp-block-column is-vertically-aligned-top\" style=\"flex-basis:40%\">\n<h1 class=\"alignwide has-text-align-left has-primary-color has-text-color\">Bienvenida!<\/h1>\n<\/div>\n\n\n\n<div class=\"wp-container-18 wp-block-column is-vertically-aligned-center has-primary-color has-text-color\" style=\"flex-basis:50%\">\n<div class=\"wp-container-16 wp-block-group\"><div class=\"wp-block-group__inner-container\">\n<p class=\"has-text-align-left has-primary-color has-text-color\">Soy arquitecta por la Escuela T\u00e9cnica Superior de Arquitectura de Barcelona, \u200b\u200bnacida en Menorca. Ejerciendo como arquitecta aut\u00f3noma en la isla. <\/p>\n\n\n\n<p>Antes de volver a Menorca, gan\u00e9 experiencia durante 3 a\u00f1os en Barcelona, \u200b\u200btrabajando <strong>proyectos de viviendas plurifamiliares, centros educativos, rehabilitaci\u00f3n y equipamientos p\u00fablicos<\/strong>.<\/p>\n\n\n\n<p class=\"has-text-align-left has-normal-font-size\">Tambi\u00e9n realizamos trabajos de <strong>georeferenciaci\u00f3n, certificaciones, inspecciones ITE y levantamientos<\/strong>.<\/p>\n<\/div><\/div>\n\n\n\n<div class=\"wp-container-17 is-horizontal is-content-justification-left is-nowrap wp-block-buttons\">\n<div class=\"wp-block-button is-style-outline\"><a class=\"wp-block-button__link has-primary-color has-text-color\" href=\"https:\/\/www.pilargornes.com\/es\/869-2\/\" style=\"border-radius:100px\">Contacto<\/a><\/div>\n<\/div>\n<\/div>\n<\/div>","protected":false},"excerpt":{"rendered":"<p>projectes benvinguda! S\u00f3c arquitecta per l&#8217;Escola T\u00e8cnica Superior d&#8217;Arquitectura de Barcelona, nascuda a Menorca. Exercint com arquitecta aut\u00f2noma a l&#8217;illa. Abans de tornar a Menorca, vaig guanyar experi\u00e8ncia&hellip;<\/p>","protected":false},"author":2,"featured_media":0,"parent":0,"menu_order":0,"comment_status":"closed","ping_status":"closed","template":"template-full-width.php","meta":[],"yoast_head":"<!-- This site is optimized with the Yoast SEO plugin v19.3 - https:\/\/yoast.com\/wordpress\/plugins\/seo\/ -->\n<title>Pilar Gorn\u00e9s - Arquitecta Ciutadella de Menorca<\/title>\n<meta name=\"description\" content=\"Arquitecta per l&#039;Escola T\u00e8cnica Superior d&#039;Arquitectura de Barcelona. Exercint com arquitecta aut\u00f2noma a Menorca.\" \/>\n<meta name=\"robots\" content=\"index, follow, max-snippet:-1, max-image-preview:large, max-video-preview:-1\" \/>\n<link rel=\"canonical\" href=\"https:\/\/www.pilargornes.com\/es\/\" \/>\n<meta property=\"og:locale\" content=\"es_ES\" \/>\n<meta property=\"og:type\" content=\"article\" \/>\n<meta property=\"og:title\" content=\"Pilar Gorn\u00e9s - Arquitecta Ciutadella de Menorca\" \/>\n<meta property=\"og:description\" content=\"Arquitecta per l&#039;Escola T\u00e8cnica Superior d&#039;Arquitectura de Barcelona. Exercint com arquitecta aut\u00f2noma a Menorca.\" \/>\n<meta property=\"og:url\" content=\"https:\/\/www.pilargornes.com\/es\/\" \/>\n<meta property=\"og:site_name\" content=\"Pilar Gorn\u00e9s Arquitectura\" \/>\n<meta property=\"article:modified_time\" content=\"2023-06-15T17:00:12+00:00\" \/>\n<meta property=\"og:image\" content=\"https:\/\/www.pilargornes.com\/wp-content\/uploads\/2023\/03\/portada_2.jpg\" \/>\n<meta name=\"twitter:card\" content=\"summary_large_image\" \/>\n<meta name=\"twitter:label1\" content=\"Tiempo de lectura\" \/>\n\t<meta name=\"twitter:data1\" content=\"2 minutos\" \/>\n<script type=\"application\/ld+json\" class=\"yoast-schema-graph\">{\"@context\":\"https:\/\/schema.org\",\"@graph\":[{\"@type\":\"Organization\",\"@id\":\"https:\/\/www.pilargornes.com\/#organization\",\"name\":\"Pilar Gornes Arquitectura Menorca\",\"url\":\"https:\/\/www.pilargornes.com\/\",\"sameAs\":[],\"logo\":{\"@type\":\"ImageObject\",\"inLanguage\":\"es\",\"@id\":\"https:\/\/www.pilargornes.com\/#\/schema\/logo\/image\/\",\"url\":\"https:\/\/www.pilargornes.com\/wp-content\/uploads\/2022\/07\/cropped-cropped-pilargornes-1.png\",\"contentUrl\":\"https:\/\/www.pilargornes.com\/wp-content\/uploads\/2022\/07\/cropped-cropped-pilargornes-1.png\",\"width\":2238,\"height\":709,\"caption\":\"Pilar Gornes Arquitectura Menorca\"},\"image\":{\"@id\":\"https:\/\/www.pilargornes.com\/#\/schema\/logo\/image\/\"}},{\"@type\":\"WebSite\",\"@id\":\"https:\/\/www.pilargornes.com\/#website\",\"url\":\"https:\/\/www.pilargornes.com\/\",\"name\":\"Pilar Gorn\u00e9s Arquitectura\",\"description\":\"Arquitectura Ciutadella de Menorca\",\"publisher\":{\"@id\":\"https:\/\/www.pilargornes.com\/#organization\"},\"potentialAction\":[{\"@type\":\"SearchAction\",\"target\":{\"@type\":\"EntryPoint\",\"urlTemplate\":\"https:\/\/www.pilargornes.com\/?s={search_term_string}\"},\"query-input\":\"required name=search_term_string\"}],\"inLanguage\":\"es\"},{\"@type\":\"WebPage\",\"@id\":\"https:\/\/www.pilargornes.com\/\",\"url\":\"https:\/\/www.pilargornes.com\/\",\"name\":\"Pilar Gorn\u00e9s - Arquitecta Ciutadella de Menorca\",\"isPartOf\":{\"@id\":\"https:\/\/www.pilargornes.com\/#website\"},\"primaryImageOfPage\":{\"@id\":\"https:\/\/www.pilargornes.com\/#primaryimage\"},\"datePublished\":\"2022-07-18T08:58:27+00:00\",\"dateModified\":\"2023-06-15T17:00:12+00:00\",\"description\":\"Arquitecta per l'Escola T\u00e8cnica Superior d'Arquitectura de Barcelona. Exercint com arquitecta aut\u00f2noma a Menorca.\",\"breadcrumb\":{\"@id\":\"https:\/\/www.pilargornes.com\/#breadcrumb\"},\"inLanguage\":\"es\",\"potentialAction\":[{\"@type\":\"ReadAction\",\"target\":[\"https:\/\/www.pilargornes.com\/\"]}]},{\"@type\":\"BreadcrumbList\",\"@id\":\"https:\/\/www.pilargornes.com\/#breadcrumb\",\"itemListElement\":[{\"@type\":\"ListItem\",\"position\":1,\"name\":\"Portada\",\"item\":\"https:\/\/www.pilargornes.com\/\"},{\"@type\":\"ListItem\",\"position\":2,\"name\":\"\"}]}]}<\/script>\n<!-- \/ Yoast SEO plugin. -->","yoast_head_json":{"title":"Pilar Gorn\u00e9s - Arquitecta Ciutadella de Menorca","description":"Arquitecta per l'Escola T\u00e8cnica Superior d'Arquitectura de Barcelona. Exercint com arquitecta aut\u00f2noma a Menorca.","robots":{"index":"index","follow":"follow","max-snippet":"max-snippet:-1","max-image-preview":"max-image-preview:large","max-video-preview":"max-video-preview:-1"},"canonical":"https:\/\/www.pilargornes.com\/es\/","og_locale":"es_ES","og_type":"article","og_title":"Pilar Gorn\u00e9s - Arquitecta Ciutadella de Menorca","og_description":"Arquitecta per l'Escola T\u00e8cnica Superior d'Arquitectura de Barcelona. Exercint com arquitecta aut\u00f2noma a Menorca.","og_url":"https:\/\/www.pilargornes.com\/es\/","og_site_name":"Pilar Gorn\u00e9s Arquitectura","article_modified_time":"2023-06-15T17:00:12+00:00","og_image":[{"url":"https:\/\/www.pilargornes.com\/wp-content\/uploads\/2023\/03\/portada_2.jpg"}],"twitter_card":"summary_large_image","twitter_misc":{"Tiempo de lectura":"2 minutos"},"schema":{"@context":"https:\/\/schema.org","@graph":[{"@type":"Organization","@id":"https:\/\/www.pilargornes.com\/#organization","name":"Pilar Gornes Arquitectura Menorca","url":"https:\/\/www.pilargornes.com\/","sameAs":[],"logo":{"@type":"ImageObject","inLanguage":"es","@id":"https:\/\/www.pilargornes.com\/#\/schema\/logo\/image\/","url":"https:\/\/www.pilargornes.com\/wp-content\/uploads\/2022\/07\/cropped-cropped-pilargornes-1.png","contentUrl":"https:\/\/www.pilargornes.com\/wp-content\/uploads\/2022\/07\/cropped-cropped-pilargornes-1.png","width":2238,"height":709,"caption":"Pilar Gornes Arquitectura Menorca"},"image":{"@id":"https:\/\/www.pilargornes.com\/#\/schema\/logo\/image\/"}},{"@type":"WebSite","@id":"https:\/\/www.pilargornes.com\/#website","url":"https:\/\/www.pilargornes.com\/","name":"Pilar Gorn\u00e9s Arquitectura","description":"Arquitectura Ciutadella de Menorca","publisher":{"@id":"https:\/\/www.pilargornes.com\/#organization"},"potentialAction":[{"@type":"SearchAction","target":{"@type":"EntryPoint","urlTemplate":"https:\/\/www.pilargornes.com\/?s={search_term_string}"},"query-input":"required name=search_term_string"}],"inLanguage":"es"},{"@type":"WebPage","@id":"https:\/\/www.pilargornes.com\/","url":"https:\/\/www.pilargornes.com\/","name":"Pilar Gorn\u00e9s - Arquitecta Ciutadella de Menorca","isPartOf":{"@id":"https:\/\/www.pilargornes.com\/#website"},"primaryImageOfPage":{"@id":"https:\/\/www.pilargornes.com\/#primaryimage"},"datePublished":"2022-07-18T08:58:27+00:00","dateModified":"2023-06-15T17:00:12+00:00","description":"Arquitecta per l'Escola T\u00e8cnica Superior d'Arquitectura de Barcelona. Exercint com arquitecta aut\u00f2noma a Menorca.","breadcrumb":{"@id":"https:\/\/www.pilargornes.com\/#breadcrumb"},"inLanguage":"es","potentialAction":[{"@type":"ReadAction","target":["https:\/\/www.pilargornes.com\/"]}]},{"@type":"BreadcrumbList","@id":"https:\/\/www.pilargornes.com\/#breadcrumb","itemListElement":[{"@type":"ListItem","position":1,"name":"Portada","item":"https:\/\/www.pilargornes.com\/"},{"@type":"ListItem","position":2,"name":""}]}]}},"_links":{"self":[{"href":"https:\/\/www.pilargornes.com\/es\/wp-json\/wp\/v2\/pages\/654"}],"collection":[{"href":"https:\/\/www.pilargornes.com\/es\/wp-json\/wp\/v2\/pages"}],"about":[{"href":"https:\/\/www.pilargornes.com\/es\/wp-json\/wp\/v2\/types\/page"}],"author":[{"embeddable":true,"href":"https:\/\/www.pilargornes.com\/es\/wp-json\/wp\/v2\/users\/2"}],"replies":[{"embeddable":true,"href":"https:\/\/www.pilargornes.com\/es\/wp-json\/wp\/v2\/comments?post=654"}],"version-history":[{"count":139,"href":"https:\/\/www.pilargornes.com\/es\/wp-json\/wp\/v2\/pages\/654\/revisions"}],"predecessor-version":[{"id":1180,"href":"https:\/\/www.pilargornes.com\/es\/wp-json\/wp\/v2\/pages\/654\/revisions\/1180"}],"wp:attachment":[{"href":"https:\/\/www.pilargornes.com\/es\/wp-json\/wp\/v2\/media?parent=654"}],"curies":[{"name":"wp","href":"https:\/\/api.w.org\/{rel}","templated":true}]}}